{"id":2184,"date":"2021-02-17T12:45:52","date_gmt":"2021-02-17T11:45:52","guid":{"rendered":"http:\/\/www.masdecadenet.fr\/?page_id=2184"},"modified":"2021-02-17T12:45:53","modified_gmt":"2021-02-17T11:45:53","slug":"mentions-legales","status":"publish","type":"page","link":"https:\/\/www.masdecadenet.fr\/index.php\/fr\/mentions-legales\/","title":{"rendered":"Mentions l\u00e9gales"},"content":{"rendered":"<ol class=\"wp-block-list\" type=\"1\">\n<li><strong>Informations l\u00e9gales<\/strong><\/li>\n<\/ol>\n<p>Conform\u00e9ment aux dispositions des articles 6-III et 19 de la loi pour la Confiance dans l\u2019\u00c9conomie Num\u00e9rique, nous vous informons que :<\/p>\n<p>Le pr\u00e9sent site internet est \u00e9dit\u00e9 par :<\/p>\n<p>La soci\u00e9t\u00e9 SAS Famille N\u00e9grel, au capital social de&nbsp;12 000\u20ac est inscrite au registre&nbsp;du commerce d\u2019Aix en Provence. Son num\u00e9ro de Siret est 750&nbsp;042&nbsp;046 00011 et son num\u00e9ro de TVA intracommunautaire est le FR 012889E0782.<\/p>\n<p>Le si\u00e8ge social de la soci\u00e9t\u00e9 se situe \u00e0 Trets.<\/p>\n<p>Vous pouvez joindre Famille N\u00e9grel \u00e0 Mas de Cadenet, Trets au 33 (0) 4 42 29 21 59 par mail \u00e0 adminitration@masdecadenet.fr<\/p>\n<p>La directeur de la publication du site internet est&nbsp;M. N\u00e9grel Matthieu en qualit\u00e9 de&nbsp;Directeur g\u00e9n\u00e9ral. Le prestataire assurant le stockage direct et permanent ainsi que l\u2019h\u00e9bergement du site est la Soci\u00e9t\u00e9&nbsp;OVH, Roubaix<\/p>\n<ul class=\"wp-block-list\">\n<li><strong>Informatique et libert\u00e9s<\/strong><\/li>\n<\/ul>\n<p>Les informations r\u00e9colt\u00e9es font l\u2019objet d\u2019un traitement informatique destin\u00e9 \u00e0 constituer des fichiers de contacts dont l\u2019usage est exclusif Famille N\u00e9grel SAS. Conform\u00e9ment \u00e0 la loi \u00ab informatique et libert\u00e9s \u00bb du 6 janvier 1978 modifi\u00e9e, vous b\u00e9n\u00e9ficiez d\u2019un droit d\u2019acc\u00e8s, de rectification, de suppression des informations qui vous concernent, que vous pouvez exercer en vous adressant \u00e0 <a href=\"mailto:boutique@masdecadenet.fr\">boutique@masdecadenet.fr<\/a><\/p>\n<p>Par la pr\u00e9sente, nous informons aussi tous les internautes que le site www.masdecadenet.fr est susceptible d\u2019installer automatiquement un cookie sur votre ordinateur. Ce cookie a pour vocation d\u2019enregistrer des informations relatives \u00e0 la navigation sur ce pr\u00e9sent site internet comme la dur\u00e9e et le chemin de navigation, le nombre de pages consult\u00e9es, L\u2019internaute est libre de refuser l\u2019enregistrement de ce cookie par simple param\u00e9trage de son navigateur. L\u2019utilisateur dispose de l\u2019ensemble des droits susvis\u00e9s s\u2019agissant des donn\u00e9es \u00e0 caract\u00e8re personnel communiqu\u00e9es par le biais des cookies dans les conditions indiqu\u00e9es ci-dessus.<\/p>\n<p>Les utilisateurs du site internet www.masdecadenet.fr sont tenus de respecter les dispositions de la loi n\u00b078-17 du 6 janvier 1978 modifi\u00e9e, relative \u00e0 l\u2019informatique, aux fichiers et aux libert\u00e9s, dont la violation est passible de sanctions p\u00e9nales. Ils doivent notamment s\u2019abstenir, s\u2019agissant des informations \u00e0 caract\u00e8re personnel auxquelles ils acc\u00e8dent ou pourraient acc\u00e9der, de toute collecte, de toute utilisation d\u00e9tourn\u00e9e d\u2019une mani\u00e8re g\u00e9n\u00e9rale, de tout acte susceptible de porter atteinte \u00e0 la vie priv\u00e9e ou \u00e0 la r\u00e9putation des personnes.<\/p>\n<ul class=\"wp-block-list\">\n<li><strong>Propri\u00e9t\u00e9 intellectuelle<\/strong><\/li>\n<\/ul>\n<p>La structure g\u00e9n\u00e9rale ainsi que les logiciels, textes, images anim\u00e9es ou non, son savoir-faire et tous les autres \u00e9l\u00e9ments composant le site www.masdecadenet.fr sont la propri\u00e9t\u00e9 exclusive de la SAS Famille N\u00e9grel &amp; l\u2019EARL Mas de Cadenet. Toute repr\u00e9sentation totale ou partielle de la structure de ce site, de sa charte graphique ou de son contenu est soumise \u00e0 l\u2019autorisation pr\u00e9alable expresse et \u00e9crite de la SAS Famille N\u00e9grel. Sans cette autorisation, toute reproduction constituerait une contrefa\u00e7on, sanctionn\u00e9e par les articles L. 335-2 et suivants du Code de la propri\u00e9t\u00e9 intellectuelle qui d\u00e9finit la contrefa\u00e7on comme un d\u00e9lit, et pr\u00e9voit jusqu\u2019\u00e0 trois ans d\u2019emprisonnement et 300 000 euros d\u2019amende.<\/p>\n<p>Les marques de Famille N\u00e9grel &amp; Mas de Cadenet et de ses partenaires, ainsi que les logos figurant sur le site sont des marques d\u00e9pos\u00e9es.<\/p>\n<p>Toute reproduction totale ou partielle de ces marques ou de ces logos effectu\u00e9s \u00e0 partir des \u00e9l\u00e9ments du site sans l\u2019autorisation expresse de la SAS Famille N\u00e9grel est donc prohib\u00e9e au sens du Code de la propri\u00e9t\u00e9 intellectuelle. La SAS Famille N\u00e9grel ne saurait \u00eatre responsable de l\u2019acc\u00e8s par les utilisateurs via les liens hypertextes mis en place dans le cadre du site internet en direction d\u2019autres ressources pr\u00e9sentes sur le r\u00e9seau. Tout litige en relation avec l\u2019utilisation du site www.masdecadenet.fr est soumis au droit fran\u00e7ais. L\u2019utilisateur reconna\u00eet la comp\u00e9tence exclusive des tribunaux comp\u00e9tents d\u2019Aix en Provence.<\/p>\n<ul class=\"wp-block-list\">\n<li><strong>Limitation de responsabilit\u00e9<\/strong><\/li>\n<\/ul>\n<p>Ce site ne saurait \u00eatre tenu pour responsable des erreurs rencontr\u00e9es sur le site, probl\u00e8mes techniques, interpr\u00e9tation des informations publi\u00e9es et cons\u00e9quences de leur utilisation. L\u2019utilisateur reconna\u00eet donc :<\/p>\n<p>avoir pris connaissance des pr\u00e9sentes conditions d\u2019utilisation et s\u2019engage \u00e0 les respecter.<br \/>utiliser ces informations sous sa responsabilit\u00e9 exclusive.<br \/>reconna\u00eet disposer de la comp\u00e9tence et des moyens n\u00e9cessaires pour acc\u00e9der et utiliser ce site.<\/p>\n","protected":false},"excerpt":{"rendered":"<p>Informations l\u00e9gales Conform\u00e9ment aux dispositions des articles 6-III et 19 de la loi pour la Confiance dans l\u2019\u00c9conomie Num\u00e9rique, nous vous informons que : Le pr\u00e9sent site internet est \u00e9dit\u00e9 par : La soci\u00e9t\u00e9 SAS Famille N\u00e9grel, au capital social de&nbsp;12 000\u20ac est inscrite au registre&nbsp;du commerce d\u2019Aix en Provence. Son num\u00e9ro de Siret est [&hellip;]\n","protected":false},"author":1,"featured_media":0,"parent":0,"menu_order":0,"comment_status":"closed","ping_status":"closed","template":"","meta":{"footnotes":""},"class_list":["post-2184","page","type-page","status-publish","hentry"],"_links":{"self":[{"href":"https:\/\/www.masdecadenet.fr\/index.php\/wp-json\/wp\/v2\/pages\/2184","targetHints":{"allow":["GET"]}}],"collection":[{"href":"https:\/\/www.masdecadenet.fr\/index.php\/wp-json\/wp\/v2\/pages"}],"about":[{"href":"https:\/\/www.masdecadenet.fr\/index.php\/wp-json\/wp\/v2\/types\/page"}],"author":[{"embeddable":true,"href":"https:\/\/www.masdecadenet.fr\/index.php\/wp-json\/wp\/v2\/users\/1"}],"replies":[{"embeddable":true,"href":"https:\/\/www.masdecadenet.fr\/index.php\/wp-json\/wp\/v2\/comments?post=2184"}],"version-history":[{"count":1,"href":"https:\/\/www.masdecadenet.fr\/index.php\/wp-json\/wp\/v2\/pages\/2184\/revisions"}],"predecessor-version":[{"id":2186,"href":"https:\/\/www.masdecadenet.fr\/index.php\/wp-json\/wp\/v2\/pages\/2184\/revisions\/2186"}],"wp:attachment":[{"href":"https:\/\/www.masdecadenet.fr\/index.php\/wp-json\/wp\/v2\/media?parent=2184"}],"curies":[{"name":"wp","href":"https:\/\/api.w.org\/{rel}","templated":true}]}}